{"id":4783,"date":"2019-06-22T17:09:55","date_gmt":"2019-06-22T15:09:55","guid":{"rendered":"https:\/\/www.depannagereparation.four-pas-cher.com\/?page_id=4783"},"modified":"2019-08-09T15:37:14","modified_gmt":"2019-08-09T13:37:14","slug":"vapeur-encastrable","status":"publish","type":"page","link":"https:\/\/www.depannagereparation.four-pas-cher.com\/?page_id=4783","title":{"rendered":"Four a Vapeur Mixte Encastrable"},"content":{"rendered":"<div style='text-align:right' class='yasr-auto-insert-overall'><!--Yasr Overall Rating Shortcode--><div class='yasr-custom-text-before-overall' id='yasr-custom-text-before-overall'>4.8 . 158 votes<\/div><div class=\"yasr-overall-rating\"><div class=' yasr-rater-stars'\r\n                           id='yasr-overall-rating-rater-79e0bc85766ef'\r\n                           data-rating='4.8'\r\n                           data-rater-starsize='16'>\r\n                       <\/div><\/div><!--End Yasr Overall Rating Shortcode--><\/div><p>[vc_row full_width=\u00a0\u00bbstretch_row_content_no_spaces\u00a0\u00bb text_align=\u00a0\u00bbcenter\u00a0\u00bb][vc_column]<div class=\"slider-zoom  zoom-out zoom-color-white zoom-align-center zoom-style-default overlay-false bullets-true\" id=\"like_sc_zoom_slider_2076487510\" data-zs-prev=\"prev\" data-zs-next=\"next\" data-zs-overlay=\"false\" data-zs-initzoom=\"1.0\" data-zs-speed=\"20000\" data-zs-interval=\"4500\" data-zs-switchSpeed=\"7000\" data-zs-arrows=\"false\" data-zs-bullets=\"true\" data-zs-src='[&#34;https:\\\/\\\/www.depannagereparation.four-pas-cher.com\\\/wp-content\\\/uploads\\\/2019\\\/03\\\/foudd.jpg&#34;,&#34;https:\\\/\\\/www.depannagereparation.four-pas-cher.com\\\/wp-content\\\/uploads\\\/2019\\\/05\\\/MCIM02857664_MB_stage_3200-1240_four_ecoclean.jpg&#34;]' data-zs-src2=''>\n\t<div class=\"container\">\n\t\t<div class=\"slider-inner\">\n\t\t\t[vc_column_text][\/vc_column_text][vc_column_text el_class=\u00a0\u00bbslider-vertical\u00a0\u00bb]<b>COMBINE FOUR VAPEUR ENCASTRABLE COMBIN\u00c9 PAS CHER &#8211;\u00a0 <\/b><span class=\"color-main\"><b>FOUR\u00a0 MIXTE MICRO ONDES VAPEUR<\/b><\/span>[\/vc_column_text]<div class=\"es-resp\">\t<div class=\"hidden-xl hidden-md hidden-sm hidden-ms hidden-xs\" style=\"height: 160px;\"><\/div>\t<div class=\"visible-md\" style=\"height: 160px;\"><\/div>\t<div class=\"visible-sm \" style=\"height: 160px;\"><\/div>\t<div class=\"visible-ms\" style=\"height: 80px;\"><\/div>\t<div class=\"visible-xs\" style=\"height: 80px;\"><\/div><\/div><div class=\"heading  heading-xl default color-main transform-default   vc_custom_1565343066550 heading-tag-h1\" id=\"like_sc_header_1357244816\"><h1 class=\"header\">Four Vapeur Encastrable<\/h1><\/div><div class=\"heading  heading-xl default color-white transform-default   vc_custom_1565084237221 heading-tag-h1\" id=\"like_sc_header_1011547769\"><h1 class=\"header\">Four Mixte Combin\u00e9<br \/>\nVapeur + Micro Onde<\/h1><\/div><div class=\"ltx-content-width col-align-center\" style=\"max-width: 460px\">[vc_column_text]<\/p>\n<p style=\"text-align: center\">Four A Vapeur Encastrable\u00a0 Pas Cher<br \/>\nLa gamme de Four Multifonction Combin\u00e9 Vapeur &amp; Micro Onde<\/p>\n<p style=\"text-align: center\"><span class=\"color-main\"><b>GARANTIE 2 ANS GRATUITE<br \/>\nPI\u00c8CES MAIN D&rsquo;OEUVRE ET D\u00c9PLACEMENT\u00a0\u00a0DIRECT USINE<\/b><\/span><\/p>\n<p>[\/vc_column_text]<div class=\"es-resp\">\t<div class=\"hidden-xl hidden-md hidden-sm hidden-ms hidden-xs\" style=\"height: 22px\"><\/div>\t<div class=\"visible-md\" style=\"height: 22px\"><\/div>\t<div class=\"visible-sm \" style=\"height: 22px\"><\/div>\t<div class=\"visible-ms\" style=\"height: 22px\"><\/div>\t<div class=\"visible-xs\" style=\"height: 22px\"><\/div><\/div><\/div><div class=\"es-resp\">\t<div class=\"hidden-xl hidden-md hidden-sm hidden-ms hidden-xs\" style=\"height: 40px;\"><\/div>\t<div class=\"visible-md\" style=\"height: 40px;\"><\/div>\t<div class=\"visible-sm \" style=\"height: 40px;\"><\/div>\t<div class=\"visible-ms\" style=\"height: 0px;\"><\/div>\t<div class=\"visible-xs\" style=\"height: 0px;\"><\/div><\/div>\n\t\t<\/div>\n\t<\/div>\n<\/div>[\/vc_column][\/vc_row][vc_section][vc_row][vc_column][vc_column_text]<\/p>\n<table width=\"100%\" align=\"center\">\n<tbody>\n<tr>\n<td valign=\"bottom\">\n<p><figure id=\"attachment_4587\" aria-describedby=\"caption-attachment-4587\" style=\"width: 180px\" class=\"wp-caption aligncenter\"><a href=\"https:\/\/www.depannagereparation.four-pas-cher.com\/wp-content\/uploads\/2019\/06\/four-vapeur-encastrable.jpg\"><img decoding=\"async\" loading=\"lazy\" class=\"wp-image-4587\" title=\"Four a Vapeur Encastrable Pas Cher\" src=\"https:\/\/www.depannagereparation.four-pas-cher.com\/wp-content\/uploads\/2019\/06\/four-vapeur-encastrable-150x150.jpg\" alt=\"Achat Four Vapeur Encastrable Combin\u00e9 Pas Cher\" width=\"180\" height=\"147\" srcset=\"https:\/\/www.depannagereparation.four-pas-cher.com\/wp-content\/uploads\/2019\/06\/four-vapeur-encastrable-300x245.jpg 300w, https:\/\/www.depannagereparation.four-pas-cher.com\/wp-content\/uploads\/2019\/06\/four-vapeur-encastrable.jpg 400w\" sizes=\"(max-width: 180px) 100vw, 180px\" \/><\/a><figcaption id=\"caption-attachment-4587\" class=\"wp-caption-text\">1 &#8211; LES FOURS COMBINES<\/figcaption><\/figure><\/td>\n<td valign=\"bottom\">\n<p><figure id=\"attachment_4590\" aria-describedby=\"caption-attachment-4590\" style=\"width: 150px\" class=\"wp-caption aligncenter\"><a href=\"https:\/\/www.depannagereparation.four-pas-cher.com\/wp-content\/uploads\/2019\/06\/four-micro-ondes-combine-encastrable.jpg\"><img decoding=\"async\" loading=\"lazy\" class=\"wp-image-4590 size-thumbnail\" title=\"Four Micro Ondes Combin\u00e9 Encastrable Pas Cher\" src=\"https:\/\/www.depannagereparation.four-pas-cher.com\/wp-content\/uploads\/2019\/06\/four-micro-ondes-combine-encastrable-150x150.jpg\" alt=\"FOUR MICRO ONDE ENCASTRABLE PAS CHER\" width=\"150\" height=\"150\" srcset=\"https:\/\/www.depannagereparation.four-pas-cher.com\/wp-content\/uploads\/2019\/06\/four-micro-ondes-combine-encastrable-150x150.jpg 150w, https:\/\/www.depannagereparation.four-pas-cher.com\/wp-content\/uploads\/2019\/06\/four-micro-ondes-combine-encastrable-300x300.jpg 300w, https:\/\/www.depannagereparation.four-pas-cher.com\/wp-content\/uploads\/2019\/06\/four-micro-ondes-combine-encastrable-24x24.jpg 24w, https:\/\/www.depannagereparation.four-pas-cher.com\/wp-content\/uploads\/2019\/06\/four-micro-ondes-combine-encastrable-48x48.jpg 48w, https:\/\/www.depannagereparation.four-pas-cher.com\/wp-content\/uploads\/2019\/06\/four-micro-ondes-combine-encastrable-96x96.jpg 96w, https:\/\/www.depannagereparation.four-pas-cher.com\/wp-content\/uploads\/2019\/06\/four-micro-ondes-combine-encastrable.jpg 400w\" sizes=\"(max-width: 150px) 100vw, 150px\" \/><\/a><figcaption id=\"caption-attachment-4590\" class=\"wp-caption-text\">2 &#8211;\u00a0 \u00a0FOURS MICRO ONDES VAPEUR\u00a0 ENCASTRABLE<\/figcaption><\/figure><\/td>\n<\/tr>\n<\/tbody>\n<\/table>\n<p>[\/vc_column_text]<div class=\"es-resp\">\t<div class=\"hidden-xl hidden-md hidden-sm hidden-ms hidden-xs\" style=\"height: 100px;\"><\/div>\t<div class=\"visible-md\" style=\"height: 100px;\"><\/div>\t<div class=\"visible-sm \" style=\"height: 100px;\"><\/div>\t<div class=\"visible-ms\" style=\"height: 100px;\"><\/div>\t<div class=\"visible-xs\" style=\"height: 100px;\"><\/div><\/div>[\/vc_column][\/vc_row][vc_row css=\u00a0\u00bb.vc_custom_1552232562151{margin-bottom: 50px !important;}\u00a0\u00bb][vc_column width=\u00a0\u00bb1\/2&Prime; text_align=\u00a0\u00bbcenter-ms\u00a0\u00bb]<div class=\"heading  default color-main subcolor-main transform-header-up   vc_custom_1552236083010 heading-tag-h6\" id=\"like_sc_header_84397188\"><h6 class=\"header\">D\u00e9couvrir<\/h6><\/div><div class=\"heading  header-inline color-black subcolor-main transform-default   vc_custom_1565356100974 heading-tag-h2\" id=\"like_sc_header_964719703\"><h2 class=\"header\">Four Combin\u00e9 Vapeur<\/h2><\/div><div class=\"ltx-content-width col-align-left\" style=\"max-width: 630px\"><div class=\"es-resp\">\t<div class=\"hidden-xl hidden-md hidden-sm hidden-ms hidden-xs\" style=\"height: 64px\"><\/div>\t<div class=\"visible-md\" style=\"height: 64px\"><\/div>\t<div class=\"visible-sm \" style=\"height: 64px\"><\/div>\t<div class=\"visible-ms\" style=\"height: 64px\"><\/div>\t<div class=\"visible-xs\" style=\"height: 64px\"><\/div><\/div><div class=\"btn-wrap\"><a href=\"https:\/\/www.electro10count.com\/electromenager\/cuisson\/four\/vapeur\/?from=miro\" class=\"btn  btn-lg btn-default transform-default color-hover-default\" id=\"like_sc_button_1650501598\">Four \u00e0 Vapeur Encastrable Combin\u00e9 Pas Cher<span class=\"fa fa-arrow-right\"><\/span><\/a><\/div>[vc_column_text]<\/p>\n<header class=\"entry-header\"><\/header>\n<div class=\"entry-content\">\n<h4>Combin\u00e9 Four Vapeur<\/h4>\n<div align=\"justify\">\n<p>De nos jours le four combin\u00e9 \u00e0 vapeur mixte est devenu le four id\u00e9al et incontournable pour une cuisine saine et di\u00e9t\u00e9tique et les\u00a0 le nutriments, ou \u00e9l\u00e9ments nutritifs,\u00a0 et les vitamines sont pr\u00e9serv\u00e9s lors de la cuisson<br \/>\nEn effet cette cuisson a vapeur donne un go\u00fbt particulier, tendre et juteux, aux mets cuits est l&rsquo;une des variantes les plus perfectionn\u00e9es offrant un syst\u00e8me de cuisson d\u00e9licate et respectueuse de la saveur des aliments<\/p>\n<\/div>\n<\/div>\n<p>[\/vc_column_text]<\/div><div class=\"es-resp\">\t<div class=\"hidden-xl hidden-md hidden-sm hidden-ms hidden-xs\" style=\"height: 32px;\"><\/div>\t<div class=\"visible-md\" style=\"height: 32px;\"><\/div>\t<div class=\"visible-sm \" style=\"height: 16px;\"><\/div>\t<div class=\"visible-ms\" style=\"height: 16px;\"><\/div>\t<div class=\"visible-xs\" style=\"height: 16px;\"><\/div><\/div>[\/vc_column][vc_column width=\u00a0\u00bb1\/2&Prime; offset=\u00a0\u00bbvc_hidden-xs\u00a0\u00bb]<div class=\"es-resp\">\t<div class=\"hidden-xl hidden-md hidden-sm hidden-ms hidden-xs\" style=\"height: 64px;\"><\/div>\t<div class=\"visible-md\" style=\"height: 64px;\"><\/div>\t<div class=\"visible-sm \" style=\"height: 64px;\"><\/div>\t<div class=\"visible-ms\" style=\"height: 64px;\"><\/div>\t<div class=\"visible-xs\" style=\"height: 64px;\"><\/div><\/div>[vc_single_image image=\u00a0\u00bb4636&Prime; img_size=\u00a0\u00bbfull\u00a0\u00bb add_caption=\u00a0\u00bbyes\u00a0\u00bb alignment=\u00a0\u00bbcenter\u00a0\u00bb]<div class=\"es-resp\">\t<div class=\"hidden-xl hidden-md hidden-sm hidden-ms hidden-xs\" style=\"height: 0px;\"><\/div>\t<div class=\"visible-md\" style=\"height: 0px;\"><\/div>\t<div class=\"visible-sm \" style=\"height: 32px;\"><\/div>\t<div class=\"visible-ms\" style=\"height: 32px;\"><\/div>\t<div class=\"visible-xs\" style=\"height: 32px;\"><\/div><\/div>[\/vc_column][\/vc_row][vc_row css=\u00a0\u00bb.vc_custom_1552232562151{margin-bottom: 50px !important;}\u00a0\u00bb][vc_column width=\u00a0\u00bb1\/2&Prime; text_align=\u00a0\u00bbcenter-ms\u00a0\u00bb]<div class=\"heading  default color-main subcolor-main transform-header-up   vc_custom_1564575404965 heading-tag-h6\" id=\"like_sc_header_986869415\"><h6 class=\"header\">D\u00e9couvrir<\/h6><\/div><div class=\"heading  default color-black transform-default heading-tag-h2\" id=\"like_sc_header_274067374\"><h2 class=\"header\">Four Mixte Vapeur<br \/>\nCombin\u00e9 Micro Onde<\/h2><\/div><div class=\"ltx-content-width col-align-left\" style=\"max-width: 630px\">[vc_column_text]<\/p>\n<h4 align=\"justify\"><span style=\"font-size: 20px;font-weight: bold\">Four Micro Ondes + Vapeur Combin\u00e9<\/span><\/h4>\n<div align=\"justify\">\n<p>Aussi nos jours le four micro ondes vapeur combin\u00e9 encastrable compact (45 &#8211; 60cm) est de plus plus appr\u00e9ci\u00e9 car beaucoup plus polyvalents et qui cumule a la fois la cuisson four vapeur, plus besoin d\u2019un cuiseur vapeur,\u00a0 la cuisson four classique et chaleur tournante donc a conseiller pour un\u00a0 four \u00e0 tout faire,\u00a0 avec toutes les cuissons + vapeur en plus<\/p>\n<\/div>\n<p>[\/vc_column_text][vc_column_text]<\/p>\n<div align=\"justify\">\n<p>Voir toute la Gamme de <a href=\"https:\/\/www.depannagereparation.four-pas-cher.com\/four-electrique-encastrable\/\">Four Electrique Encastrable<\/a> &#8211; Marque Combin\u00e9 Vapeur Micro Onde\u00a0 Miele, Combin\u00e9 Vapeur Micro Onde Electrolux, Combin\u00e9 Vapeur Micro Onde Siemens, Neff, De Dietrich,\u00a0 Asko,\u00a0 Smeg , Kuppersbusch &#8230;&#8230;<\/p>\n<p>Partenaires : <a href=\"https:\/\/www.service-apres-vente-sav.com\/reparateur-reparation-four\/\">Sav R\u00e9paration Four \u00e0 Domicile\u00a0<\/a>&#8211; <a href=\"https:\/\/www.depannage-reparateur.fr\/\">R\u00e9parateur Four Micro Ondes<\/a><\/p>\n<\/div>\n<p>[\/vc_column_text]<\/div><div class=\"btn-wrap\"><a href=\"https:\/\/www.electro10count.com\/electromenager\/cuisson\/four\/combine-vapeur\/?from=miro\" class=\"btn  btn-lg btn-default transform-default color-hover-default\" id=\"like_sc_button_1097127215\">Four Micro Ondes Combin\u00e9 + Vapeur Encastrable Pas Cher<span class=\"fa fa-arrow-right\"><\/span><\/a><\/div><div class=\"es-resp\">\t<div class=\"hidden-xl hidden-md hidden-sm hidden-ms hidden-xs\" style=\"height: 32px;\"><\/div>\t<div class=\"visible-md\" style=\"height: 32px;\"><\/div>\t<div class=\"visible-sm \" style=\"height: 16px;\"><\/div>\t<div class=\"visible-ms\" style=\"height: 16px;\"><\/div>\t<div class=\"visible-xs\" style=\"height: 16px;\"><\/div><\/div>[\/vc_column][vc_column width=\u00a0\u00bb1\/2&Prime; offset=\u00a0\u00bbvc_hidden-xs\u00a0\u00bb]<div class=\"es-resp\">\t<div class=\"hidden-xl hidden-md hidden-sm hidden-ms hidden-xs\" style=\"height: 0px;\"><\/div>\t<div class=\"visible-md\" style=\"height: 0px;\"><\/div>\t<div class=\"visible-sm \" style=\"height: 32px;\"><\/div>\t<div class=\"visible-ms\" style=\"height: 32px;\"><\/div>\t<div class=\"visible-xs\" style=\"height: 32px;\"><\/div><\/div>[vc_single_image image=\u00a0\u00bb5788&Prime; img_size=\u00a0\u00bbfull\u00a0\u00bb add_caption=\u00a0\u00bbyes\u00a0\u00bb alignment=\u00a0\u00bbcenter\u00a0\u00bb]<div class=\"es-resp\">\t<div class=\"hidden-xl hidden-md hidden-sm hidden-ms hidden-xs\" style=\"height: 24px;\"><\/div>\t<div class=\"visible-md\" style=\"height: 24px;\"><\/div>\t<div class=\"visible-sm \" style=\"height: 32px;\"><\/div>\t<div class=\"visible-ms\" style=\"height: 32px;\"><\/div>\t<div class=\"visible-xs\" style=\"height: 32px;\"><\/div><\/div>[\/vc_column][\/vc_row][\/vc_section][vc_section full_width=\u00a0\u00bbstretch_row\u00a0\u00bb][vc_row][vc_column]<div class=\"es-resp\">\t<div class=\"hidden-xl hidden-md hidden-sm hidden-ms hidden-xs\" style=\"height: 16px;\"><\/div>\t<div class=\"visible-md\" style=\"height: 16px;\"><\/div>\t<div class=\"visible-sm \" style=\"height: 16px;\"><\/div>\t<div class=\"visible-ms\" style=\"height: 0px;\"><\/div>\t<div class=\"visible-xs\" style=\"height: 0px;\"><\/div><\/div><div class=\"heading  header-subheader align-center color-black subcolor-main transform-default heading-tag-h2\" id=\"like_sc_header_920948460\"><h2 class=\"header\"><span> D\u00e9couvrir <\/span> Nos fours Electriques<br \/>\nFour Mixte Vapeur Micro Onde<\/h2><\/div><div class=\"ltx-content-width col-align-center\" style=\"max-width: 570px\">[vc_column_text]<\/p>\n<h3><\/h3>\n<p>[\/vc_column_text]<div class=\"btn-wrap\"><a href=\"https:\/\/www.electro10count.com\/electromenager\/cuisson\/four\/vapeur\/?from=miro\" class=\"btn  btn-lg btn-default transform-default color-hover-default\" id=\"like_sc_button_2067979630\">D\u00e9couvrez Notre Gamme de Four Encastrable a Vapeur<span class=\"fa fa-arrow-right\"><\/span><\/a><\/div><\/div><div class=\"es-resp\">\t<div class=\"hidden-xl hidden-md hidden-sm hidden-ms hidden-xs\" style=\"height: 0px;\"><\/div>\t<div class=\"visible-md\" style=\"height: 0px;\"><\/div>\t<div class=\"visible-sm \" style=\"height: 0px;\"><\/div>\t<div class=\"visible-ms\" style=\"height: 0px;\"><\/div>\t<div class=\"visible-xs\" style=\"height: 0px;\"><\/div><\/div>[\/vc_column][\/vc_row][\/vc_section][vc_section full_width=\u00a0\u00bbstretch_row\u00a0\u00bb bg_color_select=\u00a0\u00bbblack\u00a0\u00bb bg_pos=\u00a0\u00bbright-center\u00a0\u00bb text_align=\u00a0\u00bbcenter-sm-ms\u00a0\u00bb el_class=\u00a0\u00bbltx-photo-bg\u00a0\u00bb css=\u00a0\u00bb.vc_custom_1557677716403{background-image: url(https:\/\/www.depannagereparation.four-pas-cher.com\/wp-content\/uploads\/2019\/05\/MCIM02857664_MB_stage_3200-1240_four_ecoclean.jpg?id=4406) !important;background-position: center !important;background-repeat: no-repeat !important;background-size: cover !important;}\u00a0\u00bb][vc_row bg_pos=\u00a0\u00bbright-center\u00a0\u00bb css=\u00a0\u00bb.vc_custom_1557677777813{padding-top: 0px !important;padding-bottom: 0px !important;}\u00a0\u00bb][vc_column bg_pos=\u00a0\u00bbleft-center\u00a0\u00bb el_class=\u00a0\u00bbltx-shield-bg\u00a0\u00bb]<div class=\"es-resp\">\t<div class=\"hidden-xl hidden-md hidden-sm hidden-ms hidden-xs\" style=\"height: 180px;\"><\/div>\t<div class=\"visible-md\" style=\"height: 180px;\"><\/div>\t<div class=\"visible-sm \" style=\"height: 90px;\"><\/div>\t<div class=\"visible-ms\" style=\"height: 90px;\"><\/div>\t<div class=\"visible-xs\" style=\"height: 90px;\"><\/div><\/div><div class=\"heading  default color-main transform-default   vc_custom_1561225279282 heading-tag-h3\" id=\"like_sc_header_1547157249\"><h3 class=\"header\">Votre sp\u00e9cialiste<\/h3><\/div><div class=\"heading  heading-large default color-white transform-default   vc_custom_1565342979272 heading-tag-h3\" id=\"like_sc_header_577116456\"><h3 class=\"header\">Four Micro Ondes Vapeur Multifonctions<\/h3><\/div><div class=\"es-resp\">\t<div class=\"hidden-xl hidden-md hidden-sm hidden-ms hidden-xs\" style=\"height: 16px;\"><\/div>\t<div class=\"visible-md\" style=\"height: 16px;\"><\/div>\t<div class=\"visible-sm \" style=\"height: 16px;\"><\/div>\t<div class=\"visible-ms\" style=\"height: 16px;\"><\/div>\t<div class=\"visible-xs\" style=\"height: 16px;\"><\/div><\/div><div class=\"ltx-content-width col-align-left\" style=\"max-width: 500px\">[vc_column_text]<\/p>\n<h3>Quel four choisir ?<\/h3>\n<div align=\"justify\">\n<p>Premi\u00e8rement notre objectif est de vous aider a choisir et comment choisir son four encastrable \u00e0 vapeur et aussi un four micro ondes vapeur combin\u00e9 chaleur tournante et vapeur au meilleur prix<\/p>\n<p><strong>D\u00e9couvrez Tous nos Fours \u00c9lectriques\u00a0 Encastrable<\/strong><\/p>\n<\/div>\n<p>[\/vc_column_text]<\/div><div class=\"es-resp\">\t<div class=\"hidden-xl hidden-md hidden-sm hidden-ms hidden-xs\" style=\"height: 48px;\"><\/div>\t<div class=\"visible-md\" style=\"height: 48px;\"><\/div>\t<div class=\"visible-sm \" style=\"height: 48px;\"><\/div>\t<div class=\"visible-ms\" style=\"height: 48px;\"><\/div>\t<div class=\"visible-xs\" style=\"height: 48px;\"><\/div><\/div><div class=\"btn-wrap\"><a href=\"https:\/\/www.electro10count.com\/electromenager\/cuisson\/four\/vapeur\/?from=miro\" class=\"btn  btn-default transform-default color-hover-white\" id=\"like_sc_button_201463987\">Comment Choisir Vos Fours a Vapeur<span class=\"fa fa-arrow-right\"><\/span><\/a><\/div><div class=\"es-resp\">\t<div class=\"hidden-xl hidden-md hidden-sm hidden-ms hidden-xs\" style=\"height: 180px;\"><\/div>\t<div class=\"visible-md\" style=\"height: 180px;\"><\/div>\t<div class=\"visible-sm \" style=\"height: 90px;\"><\/div>\t<div class=\"visible-ms\" style=\"height: 90px;\"><\/div>\t<div class=\"visible-xs\" style=\"height: 90px;\"><\/div><\/div>[\/vc_column][\/vc_row][\/vc_section][vc_section full_width=\u00a0\u00bbstretch_row\u00a0\u00bb content_placement=\u00a0\u00bbmiddle\u00a0\u00bb bg_color_select=\u00a0\u00bbtheme_color\u00a0\u00bb][vc_row css=\u00a0\u00bb.vc_custom_1557678960913{background-color: #ffffff !important;}\u00a0\u00bb][vc_column]<div class=\"heading  heading-large default align-center color-main transform-default   vc_custom_1561225231181 heading-tag-h4\" id=\"like_sc_header_32784412\"><h4 class=\"header\">Quel est le Meilleur Four Vapeur Combin\u00e9 Encastrable 2019<\/h4><\/div><div class=\"es-resp\">\t<div class=\"hidden-xl hidden-md hidden-sm hidden-ms hidden-xs\" style=\"height: 42px;\"><\/div>\t<div class=\"visible-md\" style=\"height: 42px;\"><\/div>\t<div class=\"visible-sm \" style=\"height: 42px;\"><\/div>\t<div class=\"visible-ms\" style=\"height: 42px;\"><\/div>\t<div class=\"visible-xs\" style=\"height: 42px;\"><\/div><\/div>[\/vc_column][\/vc_row][\/vc_section][vc_row][vc_column][vc_column_text]<\/p>\n<table style=\"height: 185px;\" width=\"850\" align=\"center\">\n<tbody>\n<tr>\n<td style=\"text-align: center;\" valign=\"top\" width=\"137\" height=\"80\"><a href=\"https:\/\/quel-electromenager.com\/marque\/neff\/\"><img decoding=\"async\" loading=\"lazy\" class=\"alignnone wp-image-4458 size-full\" title=\"Four Combin\u00e9Neff \" src=\"https:\/\/www.depannagereparation.four-pas-cher.com\/wp-content\/uploads\/2019\/05\/neff.jpg\" alt=\"FOUR VAPEUR ENCASTRABLE NEFF \" width=\"370\" height=\"210\" srcset=\"https:\/\/www.depannagereparation.four-pas-cher.com\/wp-content\/uploads\/2019\/05\/neff.jpg 370w, https:\/\/www.depannagereparation.four-pas-cher.com\/wp-content\/uploads\/2019\/05\/neff-300x170.jpg 300w\" sizes=\"(max-width: 370px) 100vw, 370px\" \/><\/a><br \/>\n<a href=\"https:\/\/www.depannagereparation.four-pas-cher.com\/neff-encastrable-porte-escamotable\/\">Neff Four Vapeur<\/a><\/td>\n<td style=\"text-align: center;\" valign=\"top\" width=\"143\"><a href=\"https:\/\/quel-electromenager.com\/marque\/smeg\/\"><img decoding=\"async\" loading=\"lazy\" class=\"alignnone wp-image-4469 size-full\" title=\"Four Smeg\" src=\"https:\/\/www.depannagereparation.four-pas-cher.com\/wp-content\/uploads\/2019\/05\/smeg.jpg\" alt=\"FOUR VAPEUR ENCASTRABLE SMEG \" width=\"370\" height=\"210\" srcset=\"https:\/\/www.depannagereparation.four-pas-cher.com\/wp-content\/uploads\/2019\/05\/smeg.jpg 370w, https:\/\/www.depannagereparation.four-pas-cher.com\/wp-content\/uploads\/2019\/05\/smeg-300x170.jpg 300w\" sizes=\"(max-width: 370px) 100vw, 370px\" \/><\/a><br \/>\n<a href=\"https:\/\/www.depannagereparation.four-pas-cher.com\/smeg-encastrable-pyrolyse\/\">Smeg Four Vapeur<\/a><\/td>\n<td style=\"text-align: center;\" valign=\"top\" width=\"134\"><a href=\"https:\/\/www.depannagereparation.four-pas-cher.com\/marque\/de-dietrich\/\"><img decoding=\"async\" loading=\"lazy\" class=\"alignnone wp-image-4424 size-full\" title=\"Four Comnin\u00e9 De Dietrich \" src=\"https:\/\/www.depannagereparation.four-pas-cher.com\/wp-content\/uploads\/2019\/05\/de-dietrich.jpg\" alt=\"FOUR VAPEUR ENCASTRABLE DE DIETRICH \" width=\"370\" height=\"210\" srcset=\"https:\/\/www.depannagereparation.four-pas-cher.com\/wp-content\/uploads\/2019\/05\/de-dietrich.jpg 370w, https:\/\/www.depannagereparation.four-pas-cher.com\/wp-content\/uploads\/2019\/05\/de-dietrich-300x170.jpg 300w\" sizes=\"(max-width: 370px) 100vw, 370px\" \/><\/a><br \/>\n<a href=\"https:\/\/www.depannagereparation.four-pas-cher.com\/de-dietrich-encastrable-pyrolyse\/\">De Dietrich Four Vapeur<\/a><\/td>\n<\/tr>\n<\/tbody>\n<tbody>\n<tr>\n<td valign=\"top\" width=\"137\" height=\"80\">\n<p style=\"text-align: center;\"><a href=\"https:\/\/www.depannagereparation.four-pas-cher.com\/marque\/electrolux\/\"><img decoding=\"async\" loading=\"lazy\" class=\"alignnone wp-image-4425 size-full\" title=\"Four Electrolux Combin\u00e9\" src=\"https:\/\/www.depannagereparation.four-pas-cher.com\/wp-content\/uploads\/2019\/05\/electrolux.jpg\" alt=\"ELECTROLUX FOUR \" width=\"370\" height=\"210\" srcset=\"https:\/\/www.depannagereparation.four-pas-cher.com\/wp-content\/uploads\/2019\/05\/electrolux.jpg 370w, https:\/\/www.depannagereparation.four-pas-cher.com\/wp-content\/uploads\/2019\/05\/electrolux-300x170.jpg 300w\" sizes=\"(max-width: 370px) 100vw, 370px\" \/><\/a><br \/>\n<a href=\"https:\/\/www.depannagereparation.four-pas-cher.com\/electrolux-encastrable-pyrolyse-vapeur\/\">Electrolux Four Vapeur<\/a><\/p>\n<\/td>\n<td valign=\"top\" width=\"134\">\n<p style=\"text-align: center;\"><a href=\"https:\/\/www.depannagereparation.four-pas-cher.com\/marque\/asko\/ \" data-wp-editing=\"1\"><img decoding=\"async\" loading=\"lazy\" class=\"alignnone wp-image-4415 size-full\" title=\"Four Asko\" src=\"https:\/\/www.depannagereparation.four-pas-cher.com\/wp-content\/uploads\/2019\/05\/Asko.jpg\" alt=\"ASKO \" width=\"370\" height=\"210\" srcset=\"https:\/\/www.depannagereparation.four-pas-cher.com\/wp-content\/uploads\/2019\/05\/Asko.jpg 370w, https:\/\/www.depannagereparation.four-pas-cher.com\/wp-content\/uploads\/2019\/05\/Asko-300x170.jpg 300w\" sizes=\"(max-width: 370px) 100vw, 370px\" \/><\/a><a href=\"https:\/\/www.depannagereparation.four-pas-cher.com\/asko-encastrable-micro-onde-four-vapeur\/\">Airlux Four Vapeur<\/a><\/p>\n<\/td>\n<td valign=\"top\" width=\"136\">\n<p style=\"text-align: center;\"><a href=\"https:\/\/www.depannagereparation.four-pas-cher.com\/marque\/bosch\/\"><img decoding=\"async\" loading=\"lazy\" class=\"alignnone wp-image-4419 size-full\" title=\"Four Bosch\" src=\"https:\/\/www.depannagereparation.four-pas-cher.com\/wp-content\/uploads\/2019\/05\/bosch.jpg\" alt=\"BOSCH \" width=\"370\" height=\"210\" srcset=\"https:\/\/www.depannagereparation.four-pas-cher.com\/wp-content\/uploads\/2019\/05\/bosch.jpg 370w, https:\/\/www.depannagereparation.four-pas-cher.com\/wp-content\/uploads\/2019\/05\/bosch-300x170.jpg 300w\" sizes=\"(max-width: 370px) 100vw, 370px\" \/><\/a> <a href=\"https:\/\/www.depannagereparation.four-pas-cher.com\/bosch-encastrable-pyrolyse\/\">Bosch\u00a0 Four Vapeur<\/a><\/p>\n<\/td>\n<\/tr>\n<\/tbody>\n<tbody>\n<tr>\n<td valign=\"top\" width=\"134\" height=\"80\">\n<p style=\"text-align: center;\"><a href=\"https:\/\/www.depannagereparation.four-pas-cher.com\/marque\/kuppersbusch\/\"><img decoding=\"async\" loading=\"lazy\" class=\"alignnone wp-image-4448\" title=\"Four Kuppersbusch\" src=\"https:\/\/www.depannagereparation.four-pas-cher.com\/wp-content\/uploads\/2019\/05\/kuppershbusch.jpg\" alt=\"KUPPERSBUSCH \" width=\"350\" height=\"199\" srcset=\"https:\/\/www.depannagereparation.four-pas-cher.com\/wp-content\/uploads\/2019\/05\/kuppershbusch.jpg 370w, https:\/\/www.depannagereparation.four-pas-cher.com\/wp-content\/uploads\/2019\/05\/kuppershbusch-300x170.jpg 300w\" sizes=\"(max-width: 350px) 100vw, 350px\" \/><\/a><a href=\"https:\/\/www.depannagereparation.four-pas-cher.com\/prix-kuppersbusch-micro-onde-vapeur\/\"><br \/>\nKuppersbusch Four Vapeur<\/a><\/p>\n<\/td>\n<\/tr>\n<\/tbody>\n<\/table>\n<p>[\/vc_column_text][\/vc_column][\/vc_row]<\/p>\n","protected":false},"excerpt":{"rendered":"<p>4.8 . 158 votes [vc_row full_width=\u00a0\u00bbstretch_row_content_no_spaces\u00a0\u00bb text_align=\u00a0\u00bbcenter\u00a0\u00bb][vc_column][\/vc_column][\/vc_row][vc_section][vc_row][vc_column][vc_column_text] [\/vc_column_text][\/vc_column][\/vc_row][vc_row css=\u00a0\u00bb.vc_custom_1552232562151{margin-bottom: 50px !important;}\u00a0\u00bb][vc_column width=\u00a0\u00bb1\/2&Prime; text_align=\u00a0\u00bbcenter-ms\u00a0\u00bb][\/vc_column][vc_column width=\u00a0\u00bb1\/2&Prime; offset=\u00a0\u00bbvc_hidden-xs\u00a0\u00bb][vc_single_image image=\u00a0\u00bb4636&Prime; img_size=\u00a0\u00bbfull\u00a0\u00bb add_caption=\u00a0\u00bbyes\u00a0\u00bb alignment=\u00a0\u00bbcenter\u00a0\u00bb][\/vc_column][\/vc_row][vc_row css=\u00a0\u00bb.vc_custom_1552232562151{margin-bottom: 50px !important;}\u00a0\u00bb][vc_column width=\u00a0\u00bb1\/2&Prime; text_align=\u00a0\u00bbcenter-ms\u00a0\u00bb][\/vc_column][vc_column width=\u00a0\u00bb1\/2&Prime; offset=\u00a0\u00bbvc_hidden-xs\u00a0\u00bb][vc_single_image image=\u00a0\u00bb5788&Prime; img_size=\u00a0\u00bbfull\u00a0\u00bb add_caption=\u00a0\u00bbyes\u00a0\u00bb alignment=\u00a0\u00bbcenter\u00a0\u00bb][\/vc_column][\/vc_row][\/vc_section][vc_section full_width=\u00a0\u00bbstretch_row\u00a0\u00bb][vc_row][vc_column][\/vc_column][\/vc_row][\/vc_section][vc_section full_width=\u00a0\u00bbstretch_row\u00a0\u00bb bg_color_select=\u00a0\u00bbblack\u00a0\u00bb bg_pos=\u00a0\u00bbright-center\u00a0\u00bb text_align=\u00a0\u00bbcenter-sm-ms\u00a0\u00bb el_class=\u00a0\u00bbltx-photo-bg\u00a0\u00bb css=\u00a0\u00bb.vc_custom_1557677716403{background-image: url(https:\/\/www.depannagereparation.four-pas-cher.com\/wp-content\/uploads\/2019\/05\/MCIM02857664_MB_stage_3200-1240_four_ecoclean.jpg?id=4406) !important;background-position: center !important;background-repeat: no-repeat !important;background-size: cover !important;}\u00a0\u00bb][vc_row bg_pos=\u00a0\u00bbright-center\u00a0\u00bb css=\u00a0\u00bb.vc_custom_1557677777813{padding-top: 0px !important;padding-bottom: 0px !important;}\u00a0\u00bb][vc_column bg_pos=\u00a0\u00bbleft-center\u00a0\u00bb el_class=\u00a0\u00bbltx-shield-bg\u00a0\u00bb][\/vc_column][\/vc_row][\/vc_section][vc_section full_width=\u00a0\u00bbstretch_row\u00a0\u00bb content_placement=\u00a0\u00bbmiddle\u00a0\u00bb [&hellip;]<\/p>\n","protected":false},"author":1,"featured_media":0,"parent":0,"menu_order":0,"comment_status":"closed","ping_status":"closed","template":"","meta":{"yasr_overall_rating":4.8,"yasr_post_is_review":"","yasr_auto_insert_disabled":"","yasr_review_type":"Product"},"yoast_head":"<!-- This site is optimized with the Yoast SEO Premium plugin v20.8 (Yoast SEO v21.8.1) - https:\/\/yoast.com\/wordpress\/plugins\/seo\/ -->\n<title>Four Vapeur Encastrable Combin\u00e9 Four Micro Onde Cuisson Vapeur Mixte<\/title>\n<meta name=\"description\" content=\"Four Vapeur Encastrable Combin\u00e9 Cuisson Multifonctions Four Vapeur Micro Onde Miele, Electrolux Siemens, Neff, De Dietrich, Asko, Smeg Kuppersbusch Pas Cher\" \/>\n<meta name=\"robots\" content=\"index, follow, max-snippet:-1, max-image-preview:large, max-video-preview:-1\" \/>\n<link rel=\"canonical\" href=\"https:\/\/www.depannagereparation.four-pas-cher.com\/?page_id=4783\" \/>\n<meta property=\"og:locale\" content=\"fr_FR\" \/>\n<meta property=\"og:type\" content=\"article\" \/>\n<meta property=\"og:title\" content=\"Four a Vapeur Mixte Encastrable\" \/>\n<meta property=\"og:description\" content=\"Four Vapeur Encastrable Combin\u00e9 Cuisson Multifonctions Four Vapeur Micro Onde Miele, Electrolux Siemens, Neff, De Dietrich, Asko, Smeg Kuppersbusch Pas Cher\" \/>\n<meta property=\"og:url\" content=\"https:\/\/www.depannagereparation.four-pas-cher.com\/?page_id=4783\" \/>\n<meta property=\"og:site_name\" content=\"Four pas cher\" \/>\n<meta property=\"article:modified_time\" content=\"2019-08-09T13:37:14+00:00\" \/>\n<meta property=\"og:image\" content=\"https:\/\/www.depannagereparation.four-pas-cher.com\/wp-content\/uploads\/2019\/06\/four-vapeur-encastrable-150x150.jpg\" \/>\n<meta name=\"twitter:card\" content=\"summary_large_image\" \/>\n<meta name=\"twitter:label1\" content=\"Dur\u00e9e de lecture estim\u00e9e\" \/>\n\t<meta name=\"twitter:data1\" content=\"9 minutes\" \/>\n<script type=\"application\/ld+json\" class=\"yoast-schema-graph\">{\"@context\":\"https:\/\/schema.org\",\"@graph\":[{\"@type\":\"WebPage\",\"@id\":\"https:\/\/www.depannagereparation.four-pas-cher.com\/?page_id=4783\",\"url\":\"https:\/\/www.depannagereparation.four-pas-cher.com\/?page_id=4783\",\"name\":\"Four Vapeur Encastrable Combin\u00e9 Four Micro Onde Cuisson Vapeur Mixte\",\"isPartOf\":{\"@id\":\"https:\/\/www.depannagereparation.four-pas-cher.com\/#website\"},\"datePublished\":\"2019-06-22T15:09:55+00:00\",\"dateModified\":\"2019-08-09T13:37:14+00:00\",\"description\":\"Four Vapeur Encastrable Combin\u00e9 Cuisson Multifonctions Four Vapeur Micro Onde Miele, Electrolux Siemens, Neff, De Dietrich, Asko, Smeg Kuppersbusch Pas Cher\",\"breadcrumb\":{\"@id\":\"https:\/\/www.depannagereparation.four-pas-cher.com\/?page_id=4783#breadcrumb\"},\"inLanguage\":\"fr-FR\",\"potentialAction\":[{\"@type\":\"ReadAction\",\"target\":[\"https:\/\/www.depannagereparation.four-pas-cher.com\/?page_id=4783\"]}]},{\"@type\":\"BreadcrumbList\",\"@id\":\"https:\/\/www.depannagereparation.four-pas-cher.com\/?page_id=4783#breadcrumb\",\"itemListElement\":[{\"@type\":\"ListItem\",\"position\":1,\"name\":\"Accueil\",\"item\":\"https:\/\/www.depannagereparation.four-pas-cher.com\/\"},{\"@type\":\"ListItem\",\"position\":2,\"name\":\"Four a Vapeur Mixte Encastrable\"}]},{\"@type\":\"WebSite\",\"@id\":\"https:\/\/www.depannagereparation.four-pas-cher.com\/#website\",\"url\":\"https:\/\/www.depannagereparation.four-pas-cher.com\/\",\"name\":\"Four pas cher\",\"description\":\"Sp\u00e9cialiste du Four\",\"potentialAction\":[{\"@type\":\"SearchAction\",\"target\":{\"@type\":\"EntryPoint\",\"urlTemplate\":\"https:\/\/www.depannagereparation.four-pas-cher.com\/?s={search_term_string}\"},\"query-input\":\"required name=search_term_string\"}],\"inLanguage\":\"fr-FR\"},{\"@context\":\"https:\/\/schema.org\/\",\"@type\":\"Product\",\"name\":\"Four a Vapeur Mixte Encastrable\",\"description\":\"\",\"image\":{\"@type\":\"ImageObject\",\"url\":\"https:\/\/www.depannagereparation.four-pas-cher.com\/wp-content\/uploads\/2019\/03\/cropped-da1df0f57e4109be3e4965fbd78bf085-icono-de-estufa-el-ctrica-redonda-by-vexels-1.png\",\"width\":512,\"height\":512},\"Review\":{\"@type\":\"Review\",\"name\":\"Four a Vapeur Mixte Encastrable\",\"reviewBody\":\"\",\"author\":{\"@type\":\"Person\",\"name\":\"fpc\"},\"datePublished\":\"2019-06-22T17:09:55+02:00\",\"dateModified\":\"2019-08-09T15:37:14+02:00\",\"reviewRating\":{\"@type\":\"Rating\",\"ratingValue\":\"4.8\",\"bestRating\":5,\"worstRating\":1},\"publisher\":{\"@type\":\"Organization\",\"name\":\"Four pas cher\",\"logo\":{\"@type\":\"ImageObject\",\"url\":\"https:\/\/www.depannagereparation.four-pas-cher.com\/wp-content\/uploads\/2019\/03\/cropped-da1df0f57e4109be3e4965fbd78bf085-icono-de-estufa-el-ctrica-redonda-by-vexels-1.png\",\"width\":512,\"height\":512}}},\"brand\":{\"@type\":\"Brand\",\"name\":\"\"},\"sku\":\"\",\"\":\"\"}]}<\/script>\n<!-- \/ Yoast SEO Premium plugin. -->","yoast_head_json":{"title":"Four Vapeur Encastrable Combin\u00e9 Four Micro Onde Cuisson Vapeur Mixte","description":"Four Vapeur Encastrable Combin\u00e9 Cuisson Multifonctions Four Vapeur Micro Onde Miele, Electrolux Siemens, Neff, De Dietrich, Asko, Smeg Kuppersbusch Pas Cher","robots":{"index":"index","follow":"follow","max-snippet":"max-snippet:-1","max-image-preview":"max-image-preview:large","max-video-preview":"max-video-preview:-1"},"canonical":"https:\/\/www.depannagereparation.four-pas-cher.com\/?page_id=4783","og_locale":"fr_FR","og_type":"article","og_title":"Four a Vapeur Mixte Encastrable","og_description":"Four Vapeur Encastrable Combin\u00e9 Cuisson Multifonctions Four Vapeur Micro Onde Miele, Electrolux Siemens, Neff, De Dietrich, Asko, Smeg Kuppersbusch Pas Cher","og_url":"https:\/\/www.depannagereparation.four-pas-cher.com\/?page_id=4783","og_site_name":"Four pas cher","article_modified_time":"2019-08-09T13:37:14+00:00","og_image":[{"url":"https:\/\/www.depannagereparation.four-pas-cher.com\/wp-content\/uploads\/2019\/06\/four-vapeur-encastrable-150x150.jpg"}],"twitter_card":"summary_large_image","twitter_misc":{"Dur\u00e9e de lecture estim\u00e9e":"9 minutes"},"schema":{"@context":"https:\/\/schema.org","@graph":[{"@type":"WebPage","@id":"https:\/\/www.depannagereparation.four-pas-cher.com\/?page_id=4783","url":"https:\/\/www.depannagereparation.four-pas-cher.com\/?page_id=4783","name":"Four Vapeur Encastrable Combin\u00e9 Four Micro Onde Cuisson Vapeur Mixte","isPartOf":{"@id":"https:\/\/www.depannagereparation.four-pas-cher.com\/#website"},"datePublished":"2019-06-22T15:09:55+00:00","dateModified":"2019-08-09T13:37:14+00:00","description":"Four Vapeur Encastrable Combin\u00e9 Cuisson Multifonctions Four Vapeur Micro Onde Miele, Electrolux Siemens, Neff, De Dietrich, Asko, Smeg Kuppersbusch Pas Cher","breadcrumb":{"@id":"https:\/\/www.depannagereparation.four-pas-cher.com\/?page_id=4783#breadcrumb"},"inLanguage":"fr-FR","potentialAction":[{"@type":"ReadAction","target":["https:\/\/www.depannagereparation.four-pas-cher.com\/?page_id=4783"]}]},{"@type":"BreadcrumbList","@id":"https:\/\/www.depannagereparation.four-pas-cher.com\/?page_id=4783#breadcrumb","itemListElement":[{"@type":"ListItem","position":1,"name":"Accueil","item":"https:\/\/www.depannagereparation.four-pas-cher.com\/"},{"@type":"ListItem","position":2,"name":"Four a Vapeur Mixte Encastrable"}]},{"@type":"WebSite","@id":"https:\/\/www.depannagereparation.four-pas-cher.com\/#website","url":"https:\/\/www.depannagereparation.four-pas-cher.com\/","name":"Four pas cher","description":"Sp\u00e9cialiste du Four","potentialAction":[{"@type":"SearchAction","target":{"@type":"EntryPoint","urlTemplate":"https:\/\/www.depannagereparation.four-pas-cher.com\/?s={search_term_string}"},"query-input":"required name=search_term_string"}],"inLanguage":"fr-FR"},{"@context":"https:\/\/schema.org\/","@type":"Product","name":"Four a Vapeur Mixte Encastrable","description":"","image":{"@type":"ImageObject","url":"https:\/\/www.depannagereparation.four-pas-cher.com\/wp-content\/uploads\/2019\/03\/cropped-da1df0f57e4109be3e4965fbd78bf085-icono-de-estufa-el-ctrica-redonda-by-vexels-1.png","width":512,"height":512},"Review":{"@type":"Review","name":"Four a Vapeur Mixte Encastrable","reviewBody":"","author":{"@type":"Person","name":"fpc"},"datePublished":"2019-06-22T17:09:55+02:00","dateModified":"2019-08-09T15:37:14+02:00","reviewRating":{"@type":"Rating","ratingValue":"4.8","bestRating":5,"worstRating":1},"publisher":{"@type":"Organization","name":"Four pas cher","logo":{"@type":"ImageObject","url":"https:\/\/www.depannagereparation.four-pas-cher.com\/wp-content\/uploads\/2019\/03\/cropped-da1df0f57e4109be3e4965fbd78bf085-icono-de-estufa-el-ctrica-redonda-by-vexels-1.png","width":512,"height":512}}},"brand":{"@type":"Brand","name":""},"sku":"","":""}]}},"yasr_visitor_votes":{"stars_attributes":{"read_only":false,"span_bottom":false},"number_of_votes":0,"sum_votes":0},"_links":{"self":[{"href":"https:\/\/www.depannagereparation.four-pas-cher.com\/index.php?rest_route=\/wp\/v2\/pages\/4783"}],"collection":[{"href":"https:\/\/www.depannagereparation.four-pas-cher.com\/index.php?rest_route=\/wp\/v2\/pages"}],"about":[{"href":"https:\/\/www.depannagereparation.four-pas-cher.com\/index.php?rest_route=\/wp\/v2\/types\/page"}],"author":[{"embeddable":true,"href":"https:\/\/www.depannagereparation.four-pas-cher.com\/index.php?rest_route=\/wp\/v2\/users\/1"}],"replies":[{"embeddable":true,"href":"https:\/\/www.depannagereparation.four-pas-cher.com\/index.php?rest_route=%2Fwp%2Fv2%2Fcomments&post=4783"}],"version-history":[{"count":64,"href":"https:\/\/www.depannagereparation.four-pas-cher.com\/index.php?rest_route=\/wp\/v2\/pages\/4783\/revisions"}],"predecessor-version":[{"id":6099,"href":"https:\/\/www.depannagereparation.four-pas-cher.com\/index.php?rest_route=\/wp\/v2\/pages\/4783\/revisions\/6099"}],"wp:attachment":[{"href":"https:\/\/www.depannagereparation.four-pas-cher.com\/index.php?rest_route=%2Fwp%2Fv2%2Fmedia&parent=4783"}],"curies":[{"name":"wp","href":"https:\/\/api.w.org\/{rel}","templated":true}]}}